{"id":5371,"date":"2025-07-21T17:50:37","date_gmt":"2025-07-21T15:50:37","guid":{"rendered":"https:\/\/fontainemagnetique.ch\/conferences-formations-2\/"},"modified":"2026-02-28T01:52:15","modified_gmt":"2026-02-28T00:52:15","slug":"blog","status":"publish","type":"page","link":"https:\/\/fontainemagnetique.ch\/blog\/","title":{"rendered":"Blog"},"content":{"rendered":"<div id=\"cs-content\" class=\"cs-content\"><div id=\"x-section-1\" class=\"x-section cs-ta-center dark-section\" style=\"margin: 0;padding: 50px 0px; background-color: #00698f;\" ><div id=\"\" class=\"x-container max width\" style=\"margin: 0px auto;padding: 0px;\" ><div  class=\"x-column x-sm x-1-1\" style=\"padding: 0px;\" ><h1  class=\"h-custom-headline cs-ta-center man h2\" style=\"color: hsl(0, 0%, 100%);\"><span>Blog<\/span><\/h1><div  class=\"x-raw-content h5\" ><p>D\u00e9couvrez \u00ab tout, tout, tout sur la bonne eau \u00bb avec nos articles ! <\/p><\/div><\/div><\/div><\/div><div class=\"x-row e5371-e6 m457-0 m457-1 post_grid\"><div class=\"x-row-inner\"><a class=\"x-col e5371-e7 m457-5 m457-2 m457-3 post_blog\" href=\"https:\/\/fontainemagnetique.ch\/jacques-benveniste\/\" data-x-effect-provider=\"colors particles effects\" data-x-effect=\"{&quot;durationBase&quot;:&quot;400ms&quot;}\"><figure class=\"x-div e5371-e8 m457-6 m457-7 m457-8\"><span class=\"x-image e5371-e9 m457-g\"><img decoding=\"async\" src=\"https:\/\/fontainemagnetique.ch\/imagesgk\/2026\/02\/jacques-benveniste-en-plein-travail.jpg\" width=\"213\" height=\"131\" alt=\"Featured image for \u201cJacques Benveniste : quand l\u2019eau se souvient, a une m\u00e9moire\u201d\"><\/span><\/figure><article class=\"x-div e5371-e10 m457-8 m457-9 m457-a m457-b m457-c\"><div class=\"x-text x-text-headline e5371-e11 m457-h m457-2 m457-4\"><div class=\"x-text-content\"><div class=\"x-text-content-text\"><h2 class=\"x-text-content-text-primary\">Jacques Benveniste : quand l\u2019eau se souvient, a une m\u00e9moire<\/h2>\n<\/div><\/div><\/div><div class=\"x-div e5371-e12 m457-7 m457-8 m457-9 m457-b m457-d m457-e post_meta blog\"><div class=\"x-div e5371-e13 m457-7 m457-8 m457-9 m457-c m457-d m457-f\"><div class=\"x-text x-content e5371-e14 m457-i m457-j m457-k {{thing}}\">14 f\u00e9vrier 2026<\/div><div class=\"x-text x-content e5371-e15 m457-j m457-k m457-l m457-m\">\u2022<\/div><\/div><div class=\"x-div e5371-e16 m457-7 m457-8 m457-9 m457-c m457-d m457-f\"><div class=\"x-text x-content e5371-e17 m457-i m457-j m457-k\">Christine<\/div><\/div><\/div><div class=\"x-text x-content e5371-e18 m457-j m457-l m457-n\">Un beau jour, Jacques Benveniste, docteur en m\u00e9decine et directeur de recherche \u00e0 l\u2019INSERM, s\u2019aper\u00e7oit que l\u2019eau \u00ab se souvient \u00bb, comme si elle avait gard\u00e9 en m\u00e9moire des mol\u00e9cules actives alors que th\u00e9oriquement, il n\u2019en reste plus une trace.\u2026<\/div><\/article><\/a><a class=\"x-col e5371-e7 m457-5 m457-2 m457-3 post_blog\" href=\"https:\/\/fontainemagnetique.ch\/augmenter-son-taux-vibratoire\/\" data-x-effect-provider=\"colors particles effects\" data-x-effect=\"{&quot;durationBase&quot;:&quot;400ms&quot;}\"><figure class=\"x-div e5371-e8 m457-6 m457-7 m457-8\"><span class=\"x-image e5371-e9 m457-g\"><img decoding=\"async\" src=\"https:\/\/fontainemagnetique.ch\/imagesgk\/2026\/02\/augmenter-son-taux-vibratoire-est-bon-pour-chacun.jpg\" width=\"255\" height=\"172\" alt=\"Featured image for \u201cAugmenter son taux vibratoire gr\u00e2ce \u00e0 une eau magn\u00e9tis\u00e9e\u201d\"><\/span><\/figure><article class=\"x-div e5371-e10 m457-8 m457-9 m457-a m457-b m457-c\"><div class=\"x-text x-text-headline e5371-e11 m457-h m457-2 m457-4\"><div class=\"x-text-content\"><div class=\"x-text-content-text\"><h2 class=\"x-text-content-text-primary\">Augmenter son taux vibratoire gr\u00e2ce \u00e0 une eau magn\u00e9tis\u00e9e<\/h2>\n<\/div><\/div><\/div><div class=\"x-div e5371-e12 m457-7 m457-8 m457-9 m457-b m457-d m457-e post_meta blog\"><div class=\"x-div e5371-e13 m457-7 m457-8 m457-9 m457-c m457-d m457-f\"><div class=\"x-text x-content e5371-e14 m457-i m457-j m457-k {{thing}}\">14 f\u00e9vrier 2026<\/div><div class=\"x-text x-content e5371-e15 m457-j m457-k m457-l m457-m\">\u2022<\/div><\/div><div class=\"x-div e5371-e16 m457-7 m457-8 m457-9 m457-c m457-d m457-f\"><div class=\"x-text x-content e5371-e17 m457-i m457-j m457-k\">Christine<\/div><\/div><\/div><div class=\"x-text x-content e5371-e18 m457-j m457-l m457-n\">Augmenter son taux vibratoire avec le soutien de la nature et d\u2019une eau magn\u00e9tis\u00e9e, \u00e7a met en pleine forme et \u00e7a booste profond\u00e9ment ses \u00e9nergies. Tout s\u2019amplifie alors pour une vie plus large, plus vaste, plus authentique. Dans cet article,\u2026<\/div><\/article><\/a><a class=\"x-col e5371-e7 m457-5 m457-2 m457-3 post_blog\" href=\"https:\/\/fontainemagnetique.ch\/yves-rocard\/\" data-x-effect-provider=\"colors particles effects\" data-x-effect=\"{&quot;durationBase&quot;:&quot;400ms&quot;}\"><figure class=\"x-div e5371-e8 m457-6 m457-7 m457-8\"><span class=\"x-image e5371-e9 m457-g\"><img decoding=\"async\" src=\"https:\/\/fontainemagnetique.ch\/imagesgk\/2025\/07\/Yves-Rocard.jpg\" width=\"225\" height=\"164\" alt=\"Featured image for \u201cYves Rocard a permis la d\u00e9couverte de la Fontaine Magn\u00e9tique !\u201d\"><\/span><\/figure><article class=\"x-div e5371-e10 m457-8 m457-9 m457-a m457-b m457-c\"><div class=\"x-text x-text-headline e5371-e11 m457-h m457-2 m457-4\"><div class=\"x-text-content\"><div class=\"x-text-content-text\"><h2 class=\"x-text-content-text-primary\">Yves Rocard a permis la d\u00e9couverte de la Fontaine Magn\u00e9tique !<\/h2>\n<\/div><\/div><\/div><div class=\"x-div e5371-e12 m457-7 m457-8 m457-9 m457-b m457-d m457-e post_meta blog\"><div class=\"x-div e5371-e13 m457-7 m457-8 m457-9 m457-c m457-d m457-f\"><div class=\"x-text x-content e5371-e14 m457-i m457-j m457-k {{thing}}\">30 juillet 2025<\/div><div class=\"x-text x-content e5371-e15 m457-j m457-k m457-l m457-m\">\u2022<\/div><\/div><div class=\"x-div e5371-e16 m457-7 m457-8 m457-9 m457-c m457-d m457-f\"><div class=\"x-text x-content e5371-e17 m457-i m457-j m457-k\">Christine<\/div><\/div><\/div><div class=\"x-text x-content e5371-e18 m457-j m457-l m457-n\">Yves Rocard a jou\u00e9, malgr\u00e9 lui, un r\u00f4le pr\u00e9pond\u00e9rant dans la d\u00e9couverte majeure faite par Thierry Keller de l\u2019utilisation du magn\u00e9tisme de l\u2019eau. Yves Rocard, chercheur \u00e9clectique, physicien dou\u00e9, a eu un parcours peu commun. Tr\u00e8s diversifi\u00e9. Il a certes\u2026<\/div><\/article><\/a><a class=\"x-col e5371-e7 m457-5 m457-2 m457-3 post_blog\" href=\"https:\/\/fontainemagnetique.ch\/tribu-hunza\/\" data-x-effect-provider=\"colors particles effects\" data-x-effect=\"{&quot;durationBase&quot;:&quot;400ms&quot;}\"><figure class=\"x-div e5371-e8 m457-6 m457-7 m457-8\"><span class=\"x-image e5371-e9 m457-g\"><img decoding=\"async\" src=\"https:\/\/fontainemagnetique.ch\/imagesgk\/2025\/07\/Tribu-Hunza-Paix-Montagne.jpg\" width=\"457\" height=\"303\" alt=\"Featured image for \u201cLe peuple Hunza touche \u00e0 une vie qui s\u2019approche de la perfection\u201d\"><\/span><\/figure><article class=\"x-div e5371-e10 m457-8 m457-9 m457-a m457-b m457-c\"><div class=\"x-text x-text-headline e5371-e11 m457-h m457-2 m457-4\"><div class=\"x-text-content\"><div class=\"x-text-content-text\"><h2 class=\"x-text-content-text-primary\">Le peuple Hunza touche \u00e0 une vie qui s\u2019approche de la perfection<\/h2>\n<\/div><\/div><\/div><div class=\"x-div e5371-e12 m457-7 m457-8 m457-9 m457-b m457-d m457-e post_meta blog\"><div class=\"x-div e5371-e13 m457-7 m457-8 m457-9 m457-c m457-d m457-f\"><div class=\"x-text x-content e5371-e14 m457-i m457-j m457-k {{thing}}\">16 juillet 2025<\/div><div class=\"x-text x-content e5371-e15 m457-j m457-k m457-l m457-m\">\u2022<\/div><\/div><div class=\"x-div e5371-e16 m457-7 m457-8 m457-9 m457-c m457-d m457-f\"><div class=\"x-text x-content e5371-e17 m457-i m457-j m457-k\">Christine<\/div><\/div><\/div><div class=\"x-text x-content e5371-e18 m457-j m457-l m457-n\">La tribu Hunza, pourtant proche d\u2019une vie assez rugueuse et d\u00e9nu\u00e9e d\u2019artifices modernes, vit une r\u00e9alit\u00e9 envi\u00e9e par de nombreux occidentaux. Une vie proche de la nature et en harmonie avec cette nature. Au nord du Pakistan, cette tribu semble\u2026<\/div><\/article><\/a><a class=\"x-col e5371-e7 m457-5 m457-2 m457-3 post_blog\" href=\"https:\/\/fontainemagnetique.ch\/vieillir-en-bonne-sante\/\" data-x-effect-provider=\"colors particles effects\" data-x-effect=\"{&quot;durationBase&quot;:&quot;400ms&quot;}\"><figure class=\"x-div e5371-e8 m457-6 m457-7 m457-8\"><span class=\"x-image e5371-e9 m457-g\"><img decoding=\"async\" src=\"https:\/\/fontainemagnetique.ch\/imagesgk\/2025\/07\/Comment-vieillir-en-bonne-sante.jpg\" width=\"640\" height=\"960\" alt=\"Featured image for \u201cComment pr\u00e9server une sant\u00e9 de fer en prenant de l\u2019\u00e2ge gr\u00e2ce \u00e0 une eau pleine de vitalit\u00e9 ?\u201d\"><\/span><\/figure><article class=\"x-div e5371-e10 m457-8 m457-9 m457-a m457-b m457-c\"><div class=\"x-text x-text-headline e5371-e11 m457-h m457-2 m457-4\"><div class=\"x-text-content\"><div class=\"x-text-content-text\"><h2 class=\"x-text-content-text-primary\">Comment pr\u00e9server une sant\u00e9 de fer en prenant de l\u2019\u00e2ge gr\u00e2ce \u00e0 une eau pleine de vitalit\u00e9 ?<\/h2>\n<\/div><\/div><\/div><div class=\"x-div e5371-e12 m457-7 m457-8 m457-9 m457-b m457-d m457-e post_meta blog\"><div class=\"x-div e5371-e13 m457-7 m457-8 m457-9 m457-c m457-d m457-f\"><div class=\"x-text x-content e5371-e14 m457-i m457-j m457-k {{thing}}\">2 juillet 2025<\/div><div class=\"x-text x-content e5371-e15 m457-j m457-k m457-l m457-m\">\u2022<\/div><\/div><div class=\"x-div e5371-e16 m457-7 m457-8 m457-9 m457-c m457-d m457-f\"><div class=\"x-text x-content e5371-e17 m457-i m457-j m457-k\">Christine<\/div><\/div><\/div><div class=\"x-text x-content e5371-e18 m457-j m457-l m457-n\">Comment vieillir en bonne sant\u00e9 gr\u00e2ce \u00e0 une eau dynamique et nettoy\u00e9e de tout contaminant est un aspect essentiel, mais souvent oubli\u00e9. On pense toujours \u00e0 manger bio, \u00e0 \u00e9quilibrer son assiette, \u00e0 n\u2019avoir pas trop de stress, \u00e0 faire\u2026<\/div><\/article><\/a><\/div><\/div><\/div>\n","protected":false},"excerpt":{"rendered":"<p>BlogD\u00e9couvrez \u00ab tout, tout, tout sur la bonne eau \u00bb avec nos articles ! Jacques Benveniste : quand l\u2019eau se souvient, a une m\u00e9moire 14 f\u00e9vrier 2026\u2022ChristineUn beau jour, Jacques Benveniste, docteur en m\u00e9decine et directeur de recherche \u00e0 l\u2019INSERM, s\u2019aper\u00e7oit que l\u2019eau \u00ab se souvient \u00bb, comme si elle avait gard\u00e9 en m\u00e9moire des mol\u00e9cules actives alors que th\u00e9oriquement, il n\u2019en reste plus une trace.\u2026Augmenter son taux vibratoire gr\u00e2ce \u00e0 une eau magn\u00e9tis\u00e9e 14 f\u00e9vrier 2026\u2022ChristineAugmenter son taux vibratoire avec le soutien de la nature et d\u2019une eau magn\u00e9tis\u00e9e, &#8230; <\/p>\n<div><a href=\"https:\/\/fontainemagnetique.ch\/blog\/\" class=\"more-link\">Read More<\/a><\/div>\n","protected":false},"author":53,"featured_media":0,"parent":0,"menu_order":8,"comment_status":"closed","ping_status":"closed","template":"template-blank-4.php","meta":{"footnotes":""},"class_list":["post-5371","page","type-page","status-publish","hentry","no-post-thumbnail"],"seo_gk_head":"<!-- This site is optimized with the Yoast SEO plugin v27.5 - https:\/\/yoast.com\/product\/yoast-seo-wordpress\/ -->\n<title>Fontaine Magn\u00e9tique | Blog<\/title>\n<meta name=\"robots\" content=\"index, follow, max-snippet:-1, max-image-preview:large, max-video-preview:-1\" \/>\n<link rel=\"canonical\" href=\"https:\/\/fontainemagnetique.ch\/blog\/\" \/>\n<meta property=\"og:locale\" content=\"fr_FR\" \/>\n<meta property=\"og:type\" content=\"article\" \/>\n<meta property=\"og:title\" content=\"Fontaine Magn\u00e9tique | Blog\" \/>\n<meta property=\"og:description\" content=\"BlogD\u00e9couvrez \u00ab tout, tout, tout sur la bonne eau \u00bb avec nos articles ! Jacques Benveniste : quand l\u2019eau se souvient, a une m\u00e9moire 14 f\u00e9vrier 2026\u2022ChristineUn beau jour, Jacques Benveniste, docteur en m\u00e9decine et directeur de recherche \u00e0 l\u2019INSERM, s\u2019aper\u00e7oit que l\u2019eau \u00ab se souvient \u00bb, comme si elle avait gard\u00e9 en m\u00e9moire des mol\u00e9cules actives alors que th\u00e9oriquement, il n\u2019en reste plus une trace.\u2026Augmenter son taux vibratoire gr\u00e2ce \u00e0 une eau magn\u00e9tis\u00e9e 14 f\u00e9vrier 2026\u2022ChristineAugmenter son taux vibratoire avec le soutien de la nature et d\u2019une eau magn\u00e9tis\u00e9e, ... Read More\" \/>\n<meta property=\"og:url\" content=\"https:\/\/fontainemagnetique.ch\/blog\/\" \/>\n<meta property=\"og:site_name\" content=\"Fontaine Magn\u00e9tique\" \/>\n<meta property=\"article:modified_time\" content=\"2026-02-28T00:52:15+00:00\" \/>\n<meta name=\"twitter:card\" content=\"summary_large_image\" \/>\n<meta name=\"twitter:label1\" content=\"Dur\u00e9e de lecture estim\u00e9e\" \/>\n\t<meta name=\"twitter:data1\" content=\"2 minutes\" \/>\n<script type=\"application\/ld+json\" class=\"seo_gk-schema-graph\">{\"@context\":\"https:\\\/\\\/schema.org\",\"@graph\":[{\"@type\":\"WebPage\",\"@id\":\"https:\\\/\\\/fontainemagnetique.ch\\\/blog\\\/\",\"url\":\"https:\\\/\\\/fontainemagnetique.ch\\\/blog\\\/\",\"name\":\"Fontaine Magn\u00e9tique | Blog\",\"isPartOf\":{\"@id\":\"https:\\\/\\\/fontainemagnetique.ch\\\/#website\"},\"datePublished\":\"2025-07-21T15:50:37+00:00\",\"dateModified\":\"2026-02-28T00:52:15+00:00\",\"inLanguage\":\"fr-FR\",\"potentialAction\":[{\"@type\":\"ReadAction\",\"target\":[\"https:\\\/\\\/fontainemagnetique.ch\\\/blog\\\/\"]}]},{\"@type\":\"WebSite\",\"@id\":\"https:\\\/\\\/fontainemagnetique.ch\\\/#website\",\"url\":\"https:\\\/\\\/fontainemagnetique.ch\\\/\",\"name\":\"Fontaine Magn\u00e9tique\",\"description\":\"\u00abSite officiel de la Fontaine Magn\u00e9tique\u00bb - L&#039;\u00e9nergie magn\u00e9tique au service de la vie\",\"publisher\":{\"@id\":\"https:\\\/\\\/fontainemagnetique.ch\\\/#organization\"},\"potentialAction\":[{\"@type\":\"SearchAction\",\"target\":{\"@type\":\"EntryPoint\",\"urlTemplate\":\"https:\\\/\\\/fontainemagnetique.ch\\\/?s={search_term_string}\"},\"query-input\":{\"@type\":\"PropertyValueSpecification\",\"valueRequired\":true,\"valueName\":\"search_term_string\"}}],\"inLanguage\":\"fr-FR\"},{\"@type\":\"Organization\",\"@id\":\"https:\\\/\\\/fontainemagnetique.ch\\\/#organization\",\"name\":\"Fontaine Magn\u00e9tique\",\"url\":\"https:\\\/\\\/fontainemagnetique.ch\\\/\",\"logo\":{\"@type\":\"ImageObject\",\"inLanguage\":\"fr-FR\",\"@id\":\"https:\\\/\\\/fontainemagnetique.ch\\\/#\\\/schema\\\/logo\\\/image\\\/\",\"url\":\"\",\"contentUrl\":\"\",\"caption\":\"Fontaine Magn\u00e9tique\"},\"image\":{\"@id\":\"https:\\\/\\\/fontainemagnetique.ch\\\/#\\\/schema\\\/logo\\\/image\\\/\"}}]}<\/script>\n<!-- \/ Yoast SEO plugin. -->","seo_gk_head_json":{"title":"Fontaine Magn\u00e9tique | Blog","robots":{"index":"index","follow":"follow","max-snippet":"max-snippet:-1","max-image-preview":"max-image-preview:large","max-video-preview":"max-video-preview:-1"},"canonical":"https:\/\/fontainemagnetique.ch\/blog\/","og_locale":"fr_FR","og_type":"article","og_title":"Fontaine Magn\u00e9tique | Blog","og_description":"BlogD\u00e9couvrez \u00ab tout, tout, tout sur la bonne eau \u00bb avec nos articles ! Jacques Benveniste : quand l\u2019eau se souvient, a une m\u00e9moire 14 f\u00e9vrier 2026\u2022ChristineUn beau jour, Jacques Benveniste, docteur en m\u00e9decine et directeur de recherche \u00e0 l\u2019INSERM, s\u2019aper\u00e7oit que l\u2019eau \u00ab se souvient \u00bb, comme si elle avait gard\u00e9 en m\u00e9moire des mol\u00e9cules actives alors que th\u00e9oriquement, il n\u2019en reste plus une trace.\u2026Augmenter son taux vibratoire gr\u00e2ce \u00e0 une eau magn\u00e9tis\u00e9e 14 f\u00e9vrier 2026\u2022ChristineAugmenter son taux vibratoire avec le soutien de la nature et d\u2019une eau magn\u00e9tis\u00e9e, ... Read More","og_url":"https:\/\/fontainemagnetique.ch\/blog\/","og_site_name":"Fontaine Magn\u00e9tique","article_modified_time":"2026-02-28T00:52:15+00:00","twitter_card":"summary_large_image","twitter_misc":{"Dur\u00e9e de lecture estim\u00e9e":"2 minutes"},"schema":{"@context":"https:\/\/schema.org","@graph":[{"@type":"WebPage","@id":"https:\/\/fontainemagnetique.ch\/blog\/","url":"https:\/\/fontainemagnetique.ch\/blog\/","name":"Fontaine Magn\u00e9tique | Blog","isPartOf":{"@id":"https:\/\/fontainemagnetique.ch\/#website"},"datePublished":"2025-07-21T15:50:37+00:00","dateModified":"2026-02-28T00:52:15+00:00","inLanguage":"fr-FR","potentialAction":[{"@type":"ReadAction","target":["https:\/\/fontainemagnetique.ch\/blog\/"]}]},{"@type":"WebSite","@id":"https:\/\/fontainemagnetique.ch\/#website","url":"https:\/\/fontainemagnetique.ch\/","name":"Fontaine Magn\u00e9tique","description":"\u00abSite officiel de la Fontaine Magn\u00e9tique\u00bb - L&#039;\u00e9nergie magn\u00e9tique au service de la vie","publisher":{"@id":"https:\/\/fontainemagnetique.ch\/#organization"},"potentialAction":[{"@type":"SearchAction","target":{"@type":"EntryPoint","urlTemplate":"https:\/\/fontainemagnetique.ch\/?s={search_term_string}"},"query-input":{"@type":"PropertyValueSpecification","valueRequired":true,"valueName":"search_term_string"}}],"inLanguage":"fr-FR"},{"@type":"Organization","@id":"https:\/\/fontainemagnetique.ch\/#organization","name":"Fontaine Magn\u00e9tique","url":"https:\/\/fontainemagnetique.ch\/","logo":{"@type":"ImageObject","inLanguage":"fr-FR","@id":"https:\/\/fontainemagnetique.ch\/#\/schema\/logo\/image\/","url":"","contentUrl":"","caption":"Fontaine Magn\u00e9tique"},"image":{"@id":"https:\/\/fontainemagnetique.ch\/#\/schema\/logo\/image\/"}}]}},"_links":{"self":[{"href":"https:\/\/fontainemagnetique.ch\/api-json-gk\/wp\/v2\/pages\/5371","targetHints":{"allow":["GET"]}}],"collection":[{"href":"https:\/\/fontainemagnetique.ch\/api-json-gk\/wp\/v2\/pages"}],"about":[{"href":"https:\/\/fontainemagnetique.ch\/api-json-gk\/wp\/v2\/types\/page"}],"author":[{"embeddable":true,"href":"https:\/\/fontainemagnetique.ch\/api-json-gk\/wp\/v2\/users\/53"}],"replies":[{"embeddable":true,"href":"https:\/\/fontainemagnetique.ch\/api-json-gk\/wp\/v2\/comments?post=5371"}],"version-history":[{"count":11,"href":"https:\/\/fontainemagnetique.ch\/api-json-gk\/wp\/v2\/pages\/5371\/revisions"}],"predecessor-version":[{"id":5831,"href":"https:\/\/fontainemagnetique.ch\/api-json-gk\/wp\/v2\/pages\/5371\/revisions\/5831"}],"wp:attachment":[{"href":"https:\/\/fontainemagnetique.ch\/api-json-gk\/wp\/v2\/media?parent=5371"}],"curies":[{"name":"wp","href":"https:\/\/api.w.org\/{rel}","templated":true}]}}